{"id":16289,"date":"2025-04-07T18:52:17","date_gmt":"2025-04-07T18:52:17","guid":{"rendered":"https:\/\/villagehotel.it\/test-2\/"},"modified":"2025-04-07T19:50:34","modified_gmt":"2025-04-07T19:50:34","slug":"test-2","status":"publish","type":"page","link":"https:\/\/villagehotel.it\/fr\/test-2\/","title":{"rendered":"test"},"content":{"rendered":"\t\t<div data-elementor-type=\"wp-page\" data-elementor-id=\"16289\" class=\"elementor elementor-16289\" data-elementor-post-type=\"page\">\n\t\t\t\t\t\t<section class=\"elementor-section elementor-top-section elementor-element elementor-element-2f7e87b elementor-section-boxed elementor-section-height-default elementor-section-height-default\" data-id=\"2f7e87b\" data-element_type=\"section\" data-e-type=\"section\">\n\t\t\t\t\t\t<div class=\"elementor-container elementor-column-gap-default\">\n\t\t\t\t\t<div class=\"elementor-column elementor-col-100 elementor-top-column elementor-element elementor-element-4db766a\" data-id=\"4db766a\" data-element_type=\"column\" data-e-type=\"column\">\n\t\t\t<div class=\"elementor-widget-wrap elementor-element-populated\">\n\t\t\t\t\t\t<div class=\"elementor-element elementor-element-1f63d14 elementor-widget elementor-widget-heading\" data-id=\"1f63d14\" data-element_type=\"widget\" data-e-type=\"widget\" data-widget_type=\"heading.default\">\n\t\t\t\t<div class=\"elementor-widget-container\">\n\t\t\t\t\t<h2 class=\"elementor-heading-title elementor-size-default\">vie priv\u00e9e<\/h2>\t\t\t\t<\/div>\n\t\t\t\t<\/div>\n\t\t\t\t<div class=\"elementor-element elementor-element-74edd76 elementor-widget elementor-widget-text-editor\" data-id=\"74edd76\" data-element_type=\"widget\" data-e-type=\"widget\" data-widget_type=\"text-editor.default\">\n\t\t\t\t<div class=\"elementor-widget-container\">\n\t\t\t\t\t\t\t\t\t<div class=\"elementor-element elementor-element-99b92a3 elementor-widget elementor-widget-text-editor\" data-id=\"99b92a3\" data-element_type=\"widget\" data-widget_type=\"text-editor.default\">\n<div class=\"elementor-widget-container\">\n<h1><strong>\u00b7 Politique de confidentialit\u00e9 \u00b7<\/strong><\/h1>\n<\/div>\n<\/div>\n<div class=\"elementor-element elementor-element-bbccb19 elementor-widget elementor-widget-text-editor\" data-id=\"bbccb19\" data-element_type=\"widget\" data-widget_type=\"text-editor.default\">\n<div class=\"elementor-widget-container\">\n<p>Le pr\u00e9sent site web (ci-apr\u00e8s le \u00ab Site web \u00bb) est WWW.DEVISPALAZZIATELIERORAFO.COM propri\u00e9t\u00e9 de la soci\u00e9t\u00e9 <strong>Devis Palazzi Atelier Orafo<\/strong> , dont le si\u00e8ge social est situ\u00e9 \u00e0 Portoverde di Misano Adriatico (Rimini) \u2013 Via Lungo Darsena 22.<\/p>\n<p>Les pr\u00e9sentes Conditions d&rsquo;utilisation s&rsquo;appliquent \u00e0 tout utilisateur qui utilise les services du Site.<\/p>\n<p>Bienvenue sur notre site Web www.devispalazziatelierorafo.com Veuillez lire attentivement notre politique de confidentialit\u00e9, qui s\u2019applique dans tous les cas o\u00f9 vous acc\u00e9dez au site Web et d\u00e9cidez de le parcourir et d\u2019utiliser ses services, ind\u00e9pendamment de l\u2019achat de produits.<\/p>\n<p>Ces informations sont fournies conform\u00e9ment au r\u00e8glement europ\u00e9en no. 2016\/679 (\u00ab RGPD \u00bb), relative \u00e0 la protection des personnes physiques \u00e0 l\u2019\u00e9gard du traitement des donn\u00e9es \u00e0 caract\u00e8re personnel, ainsi qu\u2019\u00e0 la libre circulation de ces donn\u00e9es, ainsi que le d\u00e9cret l\u00e9gislatif n\u00b0 2016\/679 (\u00ab RGPD \u00bb), relatif \u00e0 la protection des personnes physiques \u00e0 l\u2019\u00e9gard du traitement des donn\u00e9es \u00e0 caract\u00e8re personnel, ainsi qu\u2019\u00e0 la libre circulation de ces donn\u00e9es, ainsi qu\u2019au d\u00e9cret l\u00e9gislatif n\u00b0 2016\/679 (\u00ab RGPD \u00bb). n. 196\/03 et modifications ult\u00e9rieures (\u00ab Code de confidentialit\u00e9 \u00bb) et les dispositions de l\u2019Autorit\u00e9 pour la protection des donn\u00e9es personnelles. Vos donn\u00e9es seront trait\u00e9es dans le respect de la l\u00e9gislation susmentionn\u00e9e, de la mani\u00e8re et aux fins indiqu\u00e9es ci-dessous.<\/p>\n<p>Si vous ne consentez pas au traitement des donn\u00e9es tel que d\u00e9crit dans la pr\u00e9sente politique, veuillez arr\u00eater et \u00e9viter d\u2019utiliser le site.<\/p>\n<p><strong>Responsable du traitement des donn\u00e9es<\/strong><\/p>\n<p>Le responsable du traitement des donn\u00e9es collect\u00e9es par le biais de ce site est WWW.DEVISPALAZZIATELIERORAFO.COM Portoverde di Misano Adriatico (Rimini) \u2013 Via Lungo Darsena 22.&nbsp;; Il d\u00e9cide de mani\u00e8re autonome des finalit\u00e9s et des modalit\u00e9s de traitement, ainsi que des proc\u00e9dures de s\u00e9curit\u00e9 \u00e0 appliquer pour assurer la confidentialit\u00e9, l\u2019int\u00e9grit\u00e9 et la disponibilit\u00e9 des donn\u00e9es.<\/p>\n<p><strong>Responsable du traitement des donn\u00e9es<\/strong><\/p>\n<p>Notre politique de confidentialit\u00e9 en un coup d\u2019\u0153il<\/p>\n<p>Les principes sur lesquels repose notre politique de confidentialit\u00e9 sont les suivants :<\/p>\n<ul>\n<li>traiter les donn\u00e9es exclusivement aux fins et de la mani\u00e8re illustr\u00e9es dans les informations fournies au moment de leur collecte ;<\/li>\n<li>utiliser les donn\u00e9es \u00e0 des fins autres que celles pour lesquelles les donn\u00e9es ont \u00e9t\u00e9 sp\u00e9cifiquement divulgu\u00e9es uniquement si le consentement expr\u00e8s de l\u2019utilisateur est pr\u00e9sent ;<\/li>\n<li>mettre les donn\u00e9es \u00e0 la disposition de soci\u00e9t\u00e9s tierces uniquement \u00e0 des fins instrumentales \u00e0 la fourniture du service demand\u00e9 et dans le cadre d\u2019une nomination en tant que sous-traitant ; ne pas communiquer les donn\u00e9es, les c\u00e9der ou les transf\u00e9rer \u00e0 des tiers pour leur propre traitement sans que les utilisateurs n\u2019en aient \u00e9t\u00e9 pr\u00e9alablement inform\u00e9s et n\u2019aient donn\u00e9 leur consentement ;<\/li>\n<li>r\u00e9pondre aux demandes d\u2019annulation, de modification, d\u2019int\u00e9gration des donn\u00e9es fournies, d\u2019opposition au traitement des donn\u00e9es \u00e0 des fins d\u2019envoi d\u2019informations commerciales et publicitaires ;<\/li>\n<li>Assurer une gestion correcte et licite des donn\u00e9es, en pr\u00e9servant la vie priv\u00e9e des utilisateurs, ainsi qu\u2019appliquer des mesures de s\u00e9curit\u00e9 appropri\u00e9es pour prot\u00e9ger la confidentialit\u00e9, l\u2019int\u00e9grit\u00e9 et la disponibilit\u00e9 des donn\u00e9es fournies.<\/li>\n<\/ul>\n<p><strong>Caract\u00e8re facultatif ou obligatoire de la fourniture des donn\u00e9es<\/strong><\/p>\n<p>La fourniture de www.devispalazziatelierorafo.com de vos donn\u00e9es personnelles qui sont demand\u00e9es lors des diff\u00e9rentes occasions de collecte peut \u00eatre n\u00e9cessaire pour la poursuite des finalit\u00e9s identifi\u00e9es dans les informations sp\u00e9cifiques, ou facultative.<\/p>\n<p>Le caract\u00e8re obligatoire ou facultatif de la fourniture des donn\u00e9es est sp\u00e9cifi\u00e9 de temps \u00e0 autre \u2013 en r\u00e9f\u00e9rence aux informations individuelles demand\u00e9es \u2013 au moment de la collecte des donn\u00e9es individuelles, en apposant un caract\u00e8re sp\u00e9cifique (*) sur les informations obligatoires.<\/p>\n<p>Tout refus de communiquer \u00e0 www.devispalazziatelierorafo.com certaines de vos donn\u00e9es marqu\u00e9es comme obligatoires rend impossible la poursuite de la finalit\u00e9 principale de la collecte sp\u00e9cifique : un tel refus pourrait, par exemple, www.devispalazziatelierorafo.com emp\u00eacher d\u2019ex\u00e9cuter le contrat d\u2019achat de produits sur www.devispalazziatelierorafo.com ou de fournir les autres services disponibles sur www.devispalazziatelierorafo.com.<\/p>\n<p>La mise \u00e0 disposition de www.devispalazziatelierorafo.com de donn\u00e9es suppl\u00e9mentaires, autres que celles marqu\u00e9es comme essentielles, est facultative et n\u2019entra\u00eene aucune cons\u00e9quence en ce qui concerne la poursuite de la finalit\u00e9 principale de la collecte (par exemple, selon le cas, l\u2019utilisation du site web et de ses services ou l\u2019achat de produits).<\/p>\n<p><strong>Vos droits<\/strong><\/p>\n<p>Vous avez toujours le droit d\u2019obtenir de www.devispalazziatelierorafo.com confirmation que des donn\u00e9es personnelles vous concernant sont trait\u00e9es ou non, m\u00eame si elles ne sont pas encore enregistr\u00e9es, et d\u2019acc\u00e9der aux donn\u00e9es personnelles sur papier ou par voie \u00e9lectronique.<\/p>\n<p>Vous avez \u00e9galement le droit de recevoir une communication claire sous une forme intelligible. Vous avez \u00e9galement le droit d\u2019obtenir des informations de www.devispalazziatelierorafo.com sur l\u2019origine de vos donn\u00e9es personnelles ; la finalit\u00e9 et la mani\u00e8re de traiter vos donn\u00e9es personnelles ; les cat\u00e9gories de donn\u00e9es \u00e0 caract\u00e8re personnel faisant l\u2019objet d\u2019un traitement ; la logique appliqu\u00e9e dans le cas de traitements effectu\u00e9s \u00e0 l\u2019aide d\u2019outils \u00e9lectroniques ; les donn\u00e9es d\u2019identification du responsable du traitement et des sous-traitants ; l\u2019indication des destinataires des cat\u00e9gories de destinataires auxquels les donn\u00e9es personnelles ont \u00e9t\u00e9 ou seront communiqu\u00e9es ; la dur\u00e9e de conservation ou les crit\u00e8res qui peuvent \u00eatre utilis\u00e9s pour la calculer. Toutes ces informations sont contenues dans la pr\u00e9sente politique de confidentialit\u00e9.<\/p>\n<p><strong>Vous avez toujours le droit d\u2019obtenir :<\/strong><\/p>\n<p>la mise \u00e0 jour, la rectification et l\u2019int\u00e9gration de vos donn\u00e9es personnelles ;<\/p>\n<p>l\u2019annulation, la transformation sous forme anonyme ou le blocage de vos donn\u00e9es \u00e0 caract\u00e8re personnel trait\u00e9es en violation de la loi, y compris celles dont la conservation n\u2019est pas n\u00e9cessaire au regard des finalit\u00e9s pour lesquelles les donn\u00e9es ont \u00e9t\u00e9 collect\u00e9es ou trait\u00e9es ult\u00e9rieurement ;<\/p>\n<p>attestant que les op\u00e9rations vis\u00e9es aux points (1) a) et b) ont \u00e9t\u00e9 port\u00e9es \u00e0 la connaissance, y compris en ce qui concerne leur contenu, des personnes auxquelles les donn\u00e9es ont \u00e9t\u00e9 communiqu\u00e9es ou diffus\u00e9es, sauf dans le cas o\u00f9 cette r\u00e9alisation s\u2019av\u00e8re impossible ou implique l\u2019utilisation de moyens manifestement disproportionn\u00e9s par rapport au droit prot\u00e9g\u00e9.<\/p>\n<p>En outre, vous avez le droit de limiter le traitement de vos donn\u00e9es \u00e0 tout moment :<\/p>\n<p>en cas d\u2019inexactitudes dans vos donn\u00e9es personnelles ;<\/p>\n<p>en cas de traitement illicite de ceux-ci, si vous ne demandez pas l\u2019effacement ;<\/p>\n<p>si les donn\u00e9es sont n\u00e9cessaires \u00e0 la constatation, \u00e0 l\u2019exercice ou \u00e0 la d\u00e9fense d\u2019un droit en justice ;<\/p>\n<p>pour des raisons li\u00e9es \u00e0 votre situation particuli\u00e8re, dans l\u2019attente de v\u00e9rifier si les motifs l\u00e9gitimes du Responsable de traitement pr\u00e9valent sur les v\u00f4tres.<\/p>\n<p><strong>Comment et pourquoi traitons-nous vos donn\u00e9es personnelles ?<\/strong><\/p>\n<p>Le site www.devispalazziatelierorafo.com remplit une fonction informative et commerciale, car il offre des informations sur les produits et les listes de prix et permet aux utilisateurs de passer des commandes directement en ligne. De plus, ce site est un outil de communication digitale.<\/p>\n<p>Le traitement des donn\u00e9es \u00e0 caract\u00e8re personnel est effectu\u00e9 principalement par des moyens \u00e9lectroniques et t\u00e9l\u00e9matiques par www.devispalazziatelierorafo.com et par d\u2019autres parties qui, s\u00e9lectionn\u00e9es de mani\u00e8re appropri\u00e9e pour leur fiabilit\u00e9 et leur comp\u00e9tence, effectuent des op\u00e9rations instrumentales \u00e0 la poursuite des finalit\u00e9s strictement li\u00e9es \u00e0 l\u2019utilisation du site web www.devispalazziatelierorafo.com, \u00e0 ses services et \u00e0 l\u2019achat de produits par le biais du site web (voir ci-dessous, paragraphe \u00ab Sujets susceptibles de traiter vos donn\u00e9es donn\u00e9es personnelles \u00bb).<\/p>\n<p>En g\u00e9n\u00e9ral, les donn\u00e9es sont trait\u00e9es pour la fourniture des services suivants disponibles en acc\u00e9dant \u00e0 notre site :<\/p>\n<p>pour permettre la navigation (voir Politique de cookies) ;<\/p>\n<ul>\n<li>l\u2019inscription sur le site, pour utiliser les services associ\u00e9s ;<\/li>\n<li>en vous abonnant \u00e0 des services sp\u00e9cifiques et suppl\u00e9mentaires, tels que notre newsletter et d\u2019autres services d\u2019information similaires sur notre activit\u00e9, en cr\u00e9ant votre bo\u00eete aux lettres et en partageant son contenu, en invitant vos amis \u00e0 rejoindre le monde devispalazzi.com, en vous faisant conna\u00eetre des autres utilisateurs en nous envoyant votre photo et vos commentaires ;<\/li>\n<li>l\u2019ex\u00e9cution des commandes et les activit\u00e9s connexes ;<\/li>\n<li>la gestion des paiements, y compris le contr\u00f4le anti-fraude en cas de paiement par carte de cr\u00e9dit ; Dans ce cas, les donn\u00e9es fournies au cours du processus d\u2019achat (nom, pr\u00e9nom, adresse, num\u00e9ro de carte de cr\u00e9dit, adresse de livraison si diff\u00e9rente de l\u2019adresse de facturation) seront envoy\u00e9es au responsable du contr\u00f4le anti-fraude et trait\u00e9es par lui uniquement \u00e0 cette fin ;<\/li>\n<li>la gestion de vos demandes : techniques, commerciales, sur l\u2019\u00e9tat d\u2019avancement de vos commandes et demandes d\u2019informations au sens large ;<\/li>\n<li>demande d\u2019\u00e9valuation pour votre inclusion dans notre personnel, par l\u2019envoi de CV.<\/li>\n<\/ul>\n<p>Dans le traitement des donn\u00e9es qui peuvent, directement ou indirectement, identifier votre personne, nous essayons de respecter un principe de stricte n\u00e9cessit\u00e9. En g\u00e9n\u00e9ral, vos donn\u00e9es seront collect\u00e9es \u00e0 la fois par le biais d\u2019une proc\u00e9dure sp\u00e9cifique lors de l\u2019inscription et de l\u2019acc\u00e8s \u00e0 l\u2019espace r\u00e9serv\u00e9, et automatiquement lors de l\u2019utilisation du site, sauf si vous acc\u00e9dez \u00e0 l\u2019espace non r\u00e9serv\u00e9 de mani\u00e8re anonyme.<\/p>\n<p>Pour cette raison, nous avons configur\u00e9 le site de mani\u00e8re \u00e0 ce que l\u2019utilisation de vos donn\u00e9es personnelles soit r\u00e9duite au minimum : par cons\u00e9quent, le traitement de vos donn\u00e9es est exclu lorsque les finalit\u00e9s poursuivies dans des cas individuels peuvent \u00eatre atteintes par l\u2019utilisation de donn\u00e9es anonymes (comme, par exemple, dans des \u00e9tudes de march\u00e9 visant \u00e0 am\u00e9liorer les services) ou par d\u2019autres m\u00e9thodes qui ne permettent d\u2019identifier la personne concern\u00e9e qu\u2019en cas de n\u00e9cessit\u00e9 ou \u00e0 la demande des autorit\u00e9s et l\u2019application de la loi (comme, par exemple, les donn\u00e9es relatives au trafic et \u00e0 votre s\u00e9jour sur le site Web ou \u00e0 votre adresse IP).<\/p>\n<p>Dans les cas o\u00f9 il est n\u00e9cessaire de collecter des informations personnelles \u00e0 d\u2019autres fins, cela sera clairement mis en \u00e9vidence au moyen d\u2019une note d\u2019information, pr\u00e9fix\u00e9e au formulaire de collecte de donn\u00e9es<\/p>\n<p>Dans certains cas, comme express\u00e9ment indiqu\u00e9 dans la politique de confidentialit\u00e9, vos donn\u00e9es seront trait\u00e9es \u2013 sous r\u00e9serve de votre consentement expr\u00e8s \u2013 pour cr\u00e9er des profils en fonction de vos pr\u00e9f\u00e9rences et de vos achats. Ceci dans le but de vous envoyer des informations adapt\u00e9es \u00e0 vos besoins et int\u00e9r\u00eats. Sauf dans le cas pr\u00e9vu \u00e0 l\u2019article 130, paragraphe 4, du d\u00e9cret l\u00e9gislatif no. 196\/2003 (dans lequel le Responsable du traitement peut utiliser les donn\u00e9es pour envoyer des e-mails publicitaires sur ses produits et services, similaires \u00e0 ceux d\u00e9j\u00e0 achet\u00e9s, sauf si vous refusez une telle utilisation), le Responsable du traitement peut utiliser vos donn\u00e9es pour vous envoyer de la publicit\u00e9 sur ses services et produits uniquement avec votre consentement.<\/p>\n<p>Vos donn\u00e9es ne seront communiqu\u00e9es \u00e0 des tiers qu\u2019avec votre consentement expr\u00e8s, sauf dans les cas o\u00f9 la communication est obligatoire par la loi ou est n\u00e9cessaire aux fins pr\u00e9vues par la loi pour la poursuite desquelles le consentement de l\u2019int\u00e9ress\u00e9 n\u2019est pas requis ; Dans de tels cas, les donn\u00e9es peuvent \u00eatre mises \u00e0 la disposition de tiers qui les traiteront de mani\u00e8re autonome et uniquement aux fins susmentionn\u00e9es.<\/p>\n<p>Toute finalit\u00e9 de traitement autre que celle sp\u00e9cifique pour laquelle vous avez fourni vos donn\u00e9es personnelles sera mise en \u00e9vidence dans les informations et ne sera poursuivie par www.devispalazziatelierorafo.com qu\u2019apr\u00e8s avoir obtenu votre consentement expr\u00e8s (ce qui se passe, par exemple, les activit\u00e9s de profilage des clients bas\u00e9es sur les pr\u00e9f\u00e9rences et les habitudes d\u2019achat), afin de permettre la transparence et la sensibilisation de l\u2019utilisateur.<\/p>\n<p>Il existe toutefois des traitements pour lesquels la l\u00e9gislation pr\u00e9voit l\u2019exclusion du consentement : par exemple, nous vous informons que www.devispalazziatelierorafo.com pouvons traiter vos donn\u00e9es personnelles sans obtenir votre consentement lorsque cela est n\u00e9cessaire pour se conformer \u00e0 une obligation l\u00e9gale ou lorsqu\u2019il est n\u00e9cessaire d\u2019ex\u00e9cuter les obligations contractuellement assum\u00e9es \u00e0 votre \u00e9gard (par exemple dans le cas o\u00f9 vous avez achet\u00e9 des produits ou avez demand\u00e9 \u00e0 utiliser des services sp\u00e9cifiques via notre site web).<\/p>\n<p>Si vous partagez certains contenus via un ou plusieurs r\u00e9seaux sociaux, le site peut acc\u00e9der \u00e0 certaines informations de votre compte ou profil si vous avez activ\u00e9 le partage des donn\u00e9es de votre compte ou de votre profil avec des applications ouvertes \u00e0 des tiers.<\/p>\n<p>Www.devispalazziatelierorafo.com se r\u00e9serve le droit de supprimer les comptes et toutes les donn\u00e9es y aff\u00e9rentes dans le cas o\u00f9 des contenus illicites, pr\u00e9judiciables \u00e0 l\u2019image de www.devispalazziatelierorafo.com et\/ou de ses produits ou de tiers, ou en tout cas des contenus offensants ou faisant la promotion d\u2019activit\u00e9s ill\u00e9gales ou diffamatoires, des contenus pornographiques, des contenus incitant \u00e0 la violence, encourageant la discrimination fond\u00e9e sur la race, le sexe,  la religion et l\u2019orientation sexuelle.<\/p>\n<p>Conform\u00e9ment \u00e0 l\u2019art. 13 et 14 du RGPD, www.devispalazziatelierorafo.com vous fournirons les informations sur le traitement des donn\u00e9es \u00e0 un moment ant\u00e9rieur ou au plus tard au moment de la collecte des donn\u00e9es (par exemple lors de l\u2019inscription ou de la finalisation d\u2019une commande).<\/p>\n<p><strong>Personnes susceptibles de traiter vos donn\u00e9es \u00e0 caract\u00e8re personnel<\/strong><\/p>\n<p>www.devispalazziatelierorafo.com a d\u00e9cid\u00e9 de faire appel \u00e0 des tiers pour traiter vos donn\u00e9es personnelles, pour certaines activit\u00e9s. Les tiers qui effectuent ces op\u00e9rations ont \u00e9t\u00e9 s\u00e9lectionn\u00e9s de mani\u00e8re ad\u00e9quate et sont exp\u00e9riment\u00e9s, comp\u00e9tents et fiables et offrent une garantie appropri\u00e9e de respect total des dispositions en vigueur sur le traitement, y compris le profil de s\u00e9curit\u00e9 des donn\u00e9es.<\/p>\n<p>Ces tiers ont \u00e9t\u00e9 d\u00e9sign\u00e9s \u00ab sous-traitants \u00bb \u00e0 cet effet et exercent leurs activit\u00e9s selon les instructions donn\u00e9es par www.devispalazziatelierorafo.com et sous son contr\u00f4le (liste). P\u00e9riodiquement, nous v\u00e9rifions que les responsables du traitement des donn\u00e9es ont rempli \u00e0 temps les t\u00e2ches qui leur ont \u00e9t\u00e9 confi\u00e9es et qu\u2019ils continuent \u00e0 fournir des garanties ad\u00e9quates de plein respect des dispositions relatives \u00e0 la protection des donn\u00e9es \u00e0 caract\u00e8re personnel.<\/p>\n<p>Vos donn\u00e9es sont ensuite trait\u00e9es par nos personnes en charge des diff\u00e9rents services ; Les cat\u00e9gories d\u2019employ\u00e9s qui exercent ces activit\u00e9s d\u00e9pendent des finalit\u00e9s pour lesquelles les donn\u00e9es ont \u00e9t\u00e9 fournies et sont toujours indiqu\u00e9es dans les informations que nous vous pr\u00e9sentons au moment de la divulgation de vos donn\u00e9es personnelles.<\/p>\n<p>En r\u00e9sum\u00e9, les donn\u00e9es fournies peuvent \u00eatre rendues accessibles aux fins pr\u00e9cis\u00e9es aux points pr\u00e9c\u00e9dents : (i) aux employ\u00e9s et collaborateurs du Responsable du traitement, en leur qualit\u00e9 de responsables et\/ou de sous-traitants internes et\/ou d\u2019administrateurs syst\u00e8me ; et (ii) \u00e0 des soci\u00e9t\u00e9s tierces ou \u00e0 d\u2019autres sujets qui exercent des activit\u00e9s d\u2019externalisation pour le compte du Responsable du traitement, en leur qualit\u00e9 de responsables et\/ou de sous-traitants. En outre, les donn\u00e9es \u00e0 caract\u00e8re personnel peuvent \u00eatre communiqu\u00e9es, pour les finalit\u00e9s vis\u00e9es au point 1, \u00e0 : (iii) Les entreprises ou les professionnels externes qui effectuent des t\u00e2ches sp\u00e9cifiques pour le compte du Responsable du traitement (\u00e0 titre d\u2019exemple, mais sans s\u2019y limiter, le traitement des donn\u00e9es, l\u2019assistance, le conseil dans les domaines administratif, comptable, fiscal, juridique, r\u00e9glementaire, de gestion\/maintenance\/mise en \u0153uvre des syst\u00e8mes informatiques de l\u2019entreprise), uniquement si la communication des donn\u00e9es est n\u00e9cessaire et\/ou en tout \u00e9tat de cause fonctionnelle \u00e0 la poursuite des finalit\u00e9s susmentionn\u00e9es ; (iv) Les cabinets d\u2019avocats et les avocats, pour la protection \u00e9ventuelle des droits contractuels ; v) Les \u00e9tablissements de cr\u00e9dit et, le cas \u00e9ch\u00e9ant, aux soci\u00e9t\u00e9s de financement, de cr\u00e9dit-bail, de recouvrement de cr\u00e9ances, de protection et de cession, pour la gestion des transactions \u00e9conomiques et (vi) Les organismes d\u2019\u00c9tat centraux et p\u00e9riph\u00e9riques, les organismes publics et autres instituts pour l\u2019ex\u00e9cution de toute obligation l\u00e9gale. Dans tous les cas, il est entendu que le responsable du traitement, si n\u00e9cessaire, aura le droit de d\u00e9placer les serveurs m\u00eame en dehors de l\u2019UE. Dans ce cas, le responsable du traitement garantit que le transfert des donn\u00e9es en dehors de l\u2019UE aura lieu conform\u00e9ment aux dispositions l\u00e9gales applicables, sous r\u00e9serve de la stipulation d\u2019accords contractuels types pr\u00e9vus par la Commission europ\u00e9enne.<\/p>\n<p><strong>Comment et pendant combien de temps vos donn\u00e9es seront-elles conserv\u00e9es ?<\/strong><\/p>\n<p>Les donn\u00e9es sont trait\u00e9es et stock\u00e9es avec l\u2019adoption de mesures de s\u00e9curit\u00e9 sp\u00e9cifiques visant \u00e0 \u00e9viter toute violation de donn\u00e9es, telles que la perte de celles-ci, toute utilisation illicite et\/ou incorrecte et tout acc\u00e8s non autoris\u00e9. Toutefois, en raison de la nature des moyens de transmission en ligne, ces mesures ne peuvent limiter et\/ou exclure dans l\u2019absolu tout risque d\u2019acc\u00e8s non autoris\u00e9 ou de perte de donn\u00e9es. \u00c0 cette fin, il est conseill\u00e9 de v\u00e9rifier p\u00e9riodiquement que le support utilis\u00e9 pour la navigation et l\u2019acc\u00e8s au Site est \u00e9quip\u00e9 de dispositifs logiciels adapt\u00e9s \u00e0 la protection de la transmission de donn\u00e9es sur le r\u00e9seau, tant entrantes que sortantes (tels que des syst\u00e8mes antivirus mis \u00e0 jour) et que le fournisseur d\u2019acc\u00e8s \u00e0 Internet a adopt\u00e9 des mesures appropri\u00e9es pour la s\u00e9curit\u00e9 de la transmission de donn\u00e9es sur le r\u00e9seau (telles que, par exemple,  pare-feu et\/ou filtres anti-spam).<\/p>\n<p>Dans tous les cas, il convient de noter que les donn\u00e9es \u00e0 caract\u00e8re personnel :<\/p>\n<p>ils sont stock\u00e9s sur des serveurs situ\u00e9s \u00e0 Gatteo a Mare (FC) au sein de l\u2019Union europ\u00e9enne et seront trait\u00e9s et conserv\u00e9s pendant le temps n\u00e9cessaire \u00e0 la r\u00e9alisation des finalit\u00e9s pour lesquelles ils sont collect\u00e9s, ainsi que pendant le temps n\u00e9cessaire \u00e0 leur r\u00e9alisation ;<\/p>\n<p>si elles sont fournies volontairement, elles seront conserv\u00e9es jusqu\u2019\u00e0 ce que le consentement soit r\u00e9voqu\u00e9 ou jusqu\u2019\u00e0 ce que les objectifs pour lesquels elles ont \u00e9t\u00e9 fournies soient atteints, c\u2019est-\u00e0-dire aussi longtemps qu\u2019il existe un int\u00e9r\u00eat commercial l\u00e9gitime ;<\/p>\n<p>s\u2019ils sont collect\u00e9s lors de la navigation sur le Site, ils sont conserv\u00e9s pendant toute la dur\u00e9e de la session elle-m\u00eame. Apr\u00e8s ces conditions, les donn\u00e9es seront d\u00e9truites, supprim\u00e9es ou rendues anonymes (si elles ne sont pas d\u00e9j\u00e0 collect\u00e9es de mani\u00e8re anonyme). En outre, les donn\u00e9es de navigation collect\u00e9es \u00e0 des fins de personnalisation de la publicit\u00e9 (marketing et profilage) sont conserv\u00e9es pendant un maximum de 12 (douze) mois, puis automatiquement supprim\u00e9es.<\/p>\n<p><strong>Mineur<\/strong><\/p>\n<p>Il est express\u00e9ment entendu que seules les personnes \u00e2g\u00e9es de plus de 14 (quatorze) ans peuvent exprimer leur consentement au traitement de leurs donn\u00e9es personnelles dans le cadre de l\u2019offre directe de services de la soci\u00e9t\u00e9 de l\u2019information. En ce qui concerne ces services, le traitement des donn\u00e9es \u00e0 caract\u00e8re personnel des mineurs de moins de 14 (quatorze) ans est licite \u00e0 condition qu\u2019il soit effectu\u00e9 par la personne exer\u00e7ant l\u2019autorit\u00e9 parentale.<\/p>\n<p><strong>Pr\u00e9cautions de s\u00e9curit\u00e9<\/strong><\/p>\n<p>Nous adoptons des mesures de s\u00e9curit\u00e9 appropri\u00e9es afin de minimiser les risques de destruction ou de perte \u2013 m\u00eame accidentelle \u2013 de donn\u00e9es, d\u2019acc\u00e8s non autoris\u00e9 ou de traitement non autoris\u00e9 ou non conforme aux finalit\u00e9s de collecte indiqu\u00e9es dans notre Politique de confidentialit\u00e9.<\/p>\n<p>Toutefois, www.devispalazziatelierorafo.com ne peut garantir \u00e0 ses utilisateurs que les mesures adopt\u00e9es pour la s\u00e9curit\u00e9 du site et la transmission des donn\u00e9es et informations sur le site limitent ou excluent tout risque d\u2019acc\u00e8s non autoris\u00e9 ou de dispersion des donn\u00e9es par des dispositifs appartenant \u00e0 l\u2019utilisateur. Nous vous recommandons de vous assurer que votre ordinateur est \u00e9quip\u00e9 d\u2019un logiciel ad\u00e9quat pour prot\u00e9ger la transmission de donn\u00e9es sur le r\u00e9seau, \u00e0 la fois entrantes et sortantes (comme des syst\u00e8mes antivirus \u00e0 jour) et que votre fournisseur d\u2019acc\u00e8s Internet a adopt\u00e9 des mesures appropri\u00e9es pour la s\u00e9curit\u00e9 de la transmission des donn\u00e9es sur le r\u00e9seau (comme des pare-feu et des filtres anti-spam).<\/p>\n<p><strong>COOKIES TIERS<\/strong><\/p>\n<p>Lors de la navigation sur un site, l\u2019utilisateur peut \u00e9galement recevoir des cookies sur son terminal qui sont envoy\u00e9s par diff\u00e9rents sites ou serveurs Web (appel\u00e9s \u00ab tiers \u00bb).<br \/>\u00c0 titre d\u2019exemple, il peut y avoir des cookies li\u00e9s aux services fournis par Google Analytics ou des cookies dus \u00e0 la pr\u00e9sence de \u00ab plugins sociaux \u00bb (par exemple pour Facebook, Twitter, Google+ et LinkedIn), g\u00e9n\u00e9ralement destin\u00e9s \u00e0 partager du contenu. Pour ceux-ci, sans pr\u00e9judice de la possibilit\u00e9 de les d\u00e9sactiver via les param\u00e8tres du navigateur comme indiqu\u00e9 ci-dessous, le lien vers les formulaires d\u2019information et de consentement \u00e9tendus des tiers qui installent des cookies est fourni : <\/p>\n<table width=\"1050\">\n<tbody>\n<tr>\n<td>NOM<\/td>\n<td>TYPE DE COOKIES<\/td>\n<td>BUT<\/td>\n<td>TIERS QUI CONSERVE LES INFORMATIONS DE L\u2019UTILISATEUR<\/td>\n<td>LIEN VERS LA POLITIQUE DE CONFIDENTIALIT\u00c9 DU TIERS<\/td>\n<td>LIEN VERS LE FORMULAIRE DE CONSENTEMENT D\u2019UN TIERS<\/td>\n<\/tr>\n<tr>\n<td>Google Analytique<\/td>\n<td>Tiers \u2013 Persistant<\/td>\n<td>Analyse statistique et rapports<\/td>\n<td>Google (en anglais)<\/td>\n<td><a href=\"https:\/\/www.google.it\/policies\/privacy\/partners\/\">Lien<\/a><\/td>\n<td><a href=\"http:\/\/tools.google.com\/dlpage\/gaoptout\">Lien<\/a><\/td>\n<\/tr>\n<tr>\n<td>Google Maps<\/td>\n<td>Tiers \u2013 Persistant<\/td>\n<td>Fournir des cartes et des itin\u00e9raires interactifs<\/td>\n<td>Google (en anglais)<\/td>\n<td><a href=\"http:\/\/www.google.com\/privacypolicy.html\">Lien<\/a><\/td>\n<td>&#8211;<\/td>\n<\/tr>\n<tr>\n<td>Ajouter\u00c7a<\/td>\n<td>Tiers \u2013 Persistant<\/td>\n<td>Partage de contenu par e-mail, r\u00e9seaux sociaux, blogs, etc.<\/td>\n<td>Ajouter\u00c7a<\/td>\n<td><a href=\"http:\/\/www.addthis.com\/privacy\/privacy-policy\">Lien<\/a><\/td>\n<td><a href=\"http:\/\/www.addthis.com\/privacy\/opt-out\">Lien<\/a><\/td>\n<\/tr>\n<tr>\n<td>Facebook<\/td>\n<td>Tiers \u2013 Partage persistant<\/td>\n<td>de contenu sur le r\u00e9seau<\/td>\n<td><\/td>\n<td><a href=\"https:\/\/www.facebook.com\/help\/cookies\/\"><\/a> social Facebook Link<\/td>\n<td>Connectez-vous \u00e0 votre compte. Section Confidentialit\u00e9.<\/td>\n<\/tr>\n<tr>\n<td>Gazouiller<\/td>\n<td>Tiers \u2013 Persistant<\/td>\n<td>Partage de contenu sur le r\u00e9seau social<\/td>\n<td>Gazouiller<\/td>\n<td><a href=\"https:\/\/support.twitter.com\/articles\/20170514\">Lien<\/a><\/td>\n<td><a href=\"https:\/\/twitter.com\/settings\/security\">Lien<\/a><\/td>\n<\/tr>\n<tr>\n<td>Lien LinkedIn<\/td>\n<td>Tiers \u2013 Persistant<\/td>\n<td>Partage de contenu sur le r\u00e9seau social<\/td>\n<td>Lien LinkedIn<\/td>\n<td><a href=\"https:\/\/www.linkedin.com\/legal\/cookie-policy\">Lien<\/a><\/td>\n<td><a href=\"https:\/\/www.linkedin.com\/settings\/\">Lien<\/a><\/td>\n<\/tr>\n<tr>\n<td>Google+<\/td>\n<td>Tiers \u2013 Persistant<\/td>\n<td>Partage de contenu sur le r\u00e9seau social<\/td>\n<td>Google (en anglais)<\/td>\n<td><a href=\"http:\/\/www.google.it\/intl\/it\/policies\/technologies\/cookies\/\">Lien<\/a><\/td>\n<td><a href=\"http:\/\/www.google.it\/intl\/it\/policies\/technologies\/managing\/\">Lien<\/a><\/td>\n<\/tr>\n<tr>\n<td>Google Youtube<\/td>\n<td>Tiers \u2013 Persistant<\/td>\n<td>Partagez du contenu sur le r\u00e9seau social ou lisez des vid\u00e9os<\/td>\n<td>Google (en anglais)<\/td>\n<td><a href=\"http:\/\/www.google.it\/intl\/it\/policies\/privacy\/\">Lien<\/a><\/td>\n<td>&#8211;<\/td>\n<\/tr>\n<tr>\n<td>Pinterest<\/td>\n<td>Tiers \u2013 Persistant<\/td>\n<td>Partage de contenu sur le r\u00e9seau social<\/td>\n<td>Pinterest<\/td>\n<td><a href=\"https:\/\/about.pinterest.com\/it\/privacy-policy\">Lien<\/a><\/td>\n<td><a href=\"https:\/\/help.pinterest.com\/it\/articles\/personalization-and-data-other-websites\">Lien<\/a><\/td>\n<\/tr>\n<tr>\n<td>Issuu<\/td>\n<td>Tiers \u2013 Persistant<\/td>\n<td>Inclusion de publications num\u00e9riques interactives<\/td>\n<td>Issuu<\/td>\n<td><a href=\"http:\/\/issuu.com\/legal\/privacy\">Lien<\/a><\/td>\n<td>&#8211;<\/td>\n<\/tr>\n<\/tbody>\n<\/table>\n<p><strong>CONSERVATION DES DONN\u00c9ES<\/strong><\/p>\n<p>Vos donn\u00e9es sont stock\u00e9es sur des serveurs \u00e9quip\u00e9s de tous les syst\u00e8mes de protection et de s\u00e9curit\u00e9 les plus modernes, situ\u00e9s au sein de l\u2019UE.<br \/>Sauf dans les cas o\u00f9 l\u2019utilisateur demande sp\u00e9cifiquement la suppression de ses donn\u00e9es de la base de donn\u00e9es de ce site, toutes les donn\u00e9es relatives \u00e0 l\u2019utilisateur individuel sont stock\u00e9es sur ce site pendant une p\u00e9riode de 12 (douze) mois.<\/p>\n<p><strong>ACCEPTATION DES COOKIES<\/strong><\/p>\n<p>Vous pouvez d\u00e9cider d\u2019accepter ou non l\u2019installation de cookies sur votre appareil. L\u2019utilisateur est libre de faire son choix et de le modifier \u00e0 tout moment via les param\u00e8tres du navigateur utilis\u00e9 sur l\u2019appareil. Si le navigateur est configur\u00e9 pour accepter l\u2019installation de cookies sur l\u2019appareil de l\u2019utilisateur, les cookies utilis\u00e9s par les sites web visit\u00e9s seront temporairement stock\u00e9s dans un espace d\u00e9di\u00e9 sur l\u2019appareil de l\u2019utilisateur.  <\/p>\n<p><strong>COMMENT D\u00c9SACTIVER LES COOKIES<\/strong><\/p>\n<p>Vous pouvez d\u00e9cider d\u2019accepter ou non les cookies. Vous pouvez utiliser les param\u00e8tres de votre navigateur Internet \u00e0 cette fin. La plupart des navigateurs vous permettent de g\u00e9rer (afficher, activer, d\u00e9sactiver et supprimer) les cookies via les param\u00e8tres.  <\/p>\n<p>\u00c0 titre d\u2019exemple, dans Firefox, via le menu Options &gt; de confidentialit\u00e9 des outils&gt;, il est possible d\u2019acc\u00e9der \u00e0 un panneau de configuration o\u00f9 il est possible de d\u00e9finir d\u2019accepter ou non les diff\u00e9rents types de cookies et de proc\u00e9der \u00e0 leur suppression.<\/p>\n<p>Les sites Web suivants contiennent des informations sur la fa\u00e7on d\u2019ajuster les param\u00e8tres des cookies dans certains navigateurs populaires :<\/p>\n<p><a href=\"http:\/\/support.apple.com\/kb\/PH5042\">Apple Safari<\/a><\/p>\n<p><a href=\"https:\/\/support.google.com\/chrome\/bin\/answer.py?hl=en&amp;answer=95647&amp;p=cpn_cookies\">Google Chrome<\/a><\/p>\n<p><a href=\"http:\/\/www.microsoft.com\/info\/cookies.mspx\">Microsoft Internet Explorer<\/a><\/p>\n<p><a href=\"http:\/\/support.mozilla.org\/en-US\/kb\/Cookies\">Mozilla Firefox<\/a><\/p>\n<p>Les liens ci-dessus peuvent \u00eatre sujets \u00e0 des modifications au fil du temps qui ne sont pas dues \u00e0 Formaggeria Barbieri. Les m\u00eames informations sont toutefois facilement disponibles \u00e0 l\u2019aide d\u2019un moteur de recherche.<\/p>\n<p>Si votre navigateur n\u2019est pas pr\u00e9sent, veuillez vous r\u00e9f\u00e9rer aux informations sur les cookies fournies par votre navigateur. Si vous utilisez un t\u00e9l\u00e9phone portable, veuillez vous r\u00e9f\u00e9rer au manuel du t\u00e9l\u00e9phone portable pour plus d\u2019informations. <\/p>\n<p>Suite \u00e0 la d\u00e9sactivation des cookies via les param\u00e8tres du navigateur, nous vous rappelons la n\u00e9cessit\u00e9 de toujours supprimer ceux d\u00e9j\u00e0 pr\u00e9sents avant la d\u00e9sactivation elle-m\u00eame.<\/p>\n<p>Adobe Flash Player est un logiciel permettant de regarder du contenu multim\u00e9dia sur votre ordinateur. Les sites Web qui utilisent Adobe Flash peuvent installer des fichiers sur vos appareils pour stocker les param\u00e8tres, les pr\u00e9f\u00e9rences et les habitudes d\u2019utilisation, \u00e0 l\u2019instar d\u2019autres types de cookies. Ces fichiers sont g\u00e9n\u00e9ralement appel\u00e9s cookies Flash ou Flash Local Shared Objects (LSO). Un r\u00e9sum\u00e9 utile sur la gestion des LSO Flash est disponible ici.   <\/p>\n<p><strong>TECHNOLOGIES D\u2019ENVOI DE NEWSLETTERS<\/strong><\/p>\n<p>Les communications de marketing par e-mail ou les newsletters, au format HTML re\u00e7ues de ce domaine, peuvent utiliser des technologies pour collecter des donn\u00e9es statistiques sur l\u2019ouverture de ceux-ci ou l\u2019ouverture des liens Web pr\u00e9sents dans ceux-ci.<\/p>\n<p>Par exemple, il peut y avoir des images transparentes de 1 pixel (balise Web ou gif invisible).<\/p>\n<p>Il est possible de modifier la mani\u00e8re dont vous recevez ces communications de www.devispalazziatelierorafo.com pour \u00e9viter la collecte de ces donn\u00e9es, en s\u00e9lectionnant (le cas \u00e9ch\u00e9ant) la version texte des messages uniquement, en \u00e9vitant de cliquer sur des liens Web, en d\u00e9sactivant le chargement automatique des images dans votre client de messagerie.<\/p>\n<p><strong>Paiements<\/strong><\/p>\n<p>Le Responsable du traitement et le Sous-traitant ne d\u00e9tiennent pas les donn\u00e9es de carte de cr\u00e9dit saisies par les clients.<\/p>\n<p>Afin d\u2019assurer une plus grande s\u00e9curit\u00e9, les donn\u00e9es de carte de cr\u00e9dit saisies par les clients sont transmises du navigateur directement \u00e0 la passerelle bancaire d\u2019Unicredit sans passer par les syst\u00e8mes internes. Aux fins de la conclusion de la transaction financi\u00e8re, Unicredit ne communique qu\u2019un seul jeton de carte de cr\u00e9dit au Sous-traitant. \u00c9videmment, cela n\u2019implique pas la n\u00e9cessit\u00e9 d\u2019avoir un compte courant aupr\u00e8s de cette banque et les cartes de cr\u00e9dit \u00e9mises par n\u2019importe quelle banque et de tout type peuvent \u00eatre utilis\u00e9es. Dans le cas de l\u2019utilisation d\u2019une carte de cr\u00e9dit, l\u2019autorisation de paiement a lieu au moment de la commande, tandis que les frais correspondants sont effectu\u00e9s au moment de l\u2019exp\u00e9dition.<\/p>\n<p>En cas de paiement avec PayPal, le client est redirig\u00e9 vers une page s\u00e9curis\u00e9e g\u00e9r\u00e9e par PayPal elle-m\u00eame o\u00f9 l\u2019authentification n\u00e9cessaire pour le paiement est requise. Vous serez factur\u00e9 en m\u00eame temps que la commande.<\/p>\n<p>Dans le cas o\u00f9 quelqu\u2019un vole les donn\u00e9es de votre carte de cr\u00e9dit, il est important de savoir qu\u2019il est toujours possible de contacter le fournisseur de la carte de cr\u00e9dit et de refuser le d\u00e9bit, en obtenant, une fois que les conditions r\u00e9elles d\u2019utilisation de la carte ont \u00e9t\u00e9 v\u00e9rifi\u00e9es, un remboursement des sommes factur\u00e9es.<\/p>\n<p><strong> <\/strong><\/p>\n<p><strong>Liens vers des sites tiers<\/strong><\/p>\n<p>Notre site Web peut, de temps \u00e0 autre, contenir des liens vers des sites Web tiers (par exemple, des soci\u00e9t\u00e9s affili\u00e9es, des partenaires, etc.) qui peuvent offrir des informations et des services utiles \u00e0 nos clients et\/ou visiteurs. Nous vous fournissons ces liens uniquement pour votre commodit\u00e9, et l\u2019inclusion de ces liens n\u2019implique pas l\u2019approbation par www.devispalazziatelierorafo.com<\/p>\n<p>Si vous acc\u00e9dez \u00e0 ces liens et sites Web, veuillez noter que le responsable du traitement et le sous-traitant ne sont pas responsables des actions de ces tiers, qui ont leurs propres politiques de confidentialit\u00e9. Veuillez v\u00e9rifier ces politiques avant de soumettre des informations personnelles \u00e0 ces sites Web, en particulier s\u2019ils sont destin\u00e9s \u00e0 des pays non membres de l\u2019UE.<\/p>\n<p><strong>Garanties<\/strong><\/p>\n<p>Tout litige relatif au traitement d\u00e9crit ci-dessus pourra faire l\u2019objet d\u2019une r\u00e9clamation aupr\u00e8s du Garant pour la protection des donn\u00e9es personnelles, situ\u00e9 Piazza Venezia 11, 00187, Rome (RM). Ceci est sans pr\u00e9judice de la possibilit\u00e9 de faire appel aux autorit\u00e9s judiciaires.<\/p>\n<p><strong>Contacts<\/strong><\/p>\n<p>Si vous souhaitez recevoir plus d\u2019informations sur la mani\u00e8re dont www.devispalazziatelierorafo.com traitons vos donn\u00e9es personnelles, veuillez \u00e9crire un e-mail \u00e0 l\u2019adresse e-mail info@devispalazziatelierorafo.com.<\/p>\n<p>Pour conna\u00eetre vos droits et vous tenir au courant de la l\u00e9gislation sur la protection des personnes physiques \u00e0 l\u2019\u00e9gard du traitement des donn\u00e9es personnelles, nous vous recommandons de visiter le site web du Garant pour la protection des donn\u00e9es personnelles \u00e0 l\u2019adresse http:\/\/www.garanteprivacy.it\/.<\/p>\n<p><strong>Droit applicable<\/strong><\/p>\n<p>La pr\u00e9sente politique de confidentialit\u00e9 est r\u00e9gie par la loi italienne et en particulier par le Code de protection des donn\u00e9es \u00e0 caract\u00e8re personnel (d\u00e9cret l\u00e9gislatif n\u00b0 196 du 30 juin 2003) qui r\u00e9glemente le traitement des donn\u00e9es \u00e0 caract\u00e8re personnel \u2013 y compris celles d\u00e9tenues \u00e0 l\u2019\u00e9tranger \u2013 effectu\u00e9 par toute personne r\u00e9sidant ou ayant son si\u00e8ge social en Italie.<\/p>\n<p>Le Code garantit que le traitement des donn\u00e9es \u00e0 caract\u00e8re personnel est effectu\u00e9 dans le respect des droits et libert\u00e9s fondamentaux, ainsi que de la dignit\u00e9 de la personne concern\u00e9e, en particulier en ce qui concerne la confidentialit\u00e9, l\u2019identit\u00e9 personnelle et le droit \u00e0 la protection des donn\u00e9es \u00e0 caract\u00e8re personnel.<\/p>\n<p><strong>Modifications et mises \u00e0 jour de la politique de confidentialit\u00e9<\/strong><\/p>\n<p>www.devispalazziatelierorafo.com pouvons modifier ou simplement mettre \u00e0 jour, en tout ou en partie, la Politique de confidentialit\u00e9 du site, \u00e9galement en consid\u00e9ration des modifications des lois ou r\u00e8glements qui r\u00e9gissent cette question et prot\u00e8gent vos droits. Les modifications et mises \u00e0 jour de la politique de confidentialit\u00e9 seront notifi\u00e9es aux utilisateurs sur la page d\u2019accueil d\u00e8s leur adoption et seront contraignantes d\u00e8s leur publication sur le site web. Nous vous demandons donc d\u2019acc\u00e9der r\u00e9guli\u00e8rement \u00e0 cette section pour v\u00e9rifier la publication de la politique de confidentialit\u00e9 la plus r\u00e9cente et la plus mise \u00e0 jour.<\/p>\n<\/div>\n<\/div>\n\t\t\t\t\t\t\t\t<\/div>\n\t\t\t\t<\/div>\n\t\t\t\t<div class=\"elementor-element elementor-element-8054dc0 elementor-widget elementor-widget-heading\" data-id=\"8054dc0\" data-element_type=\"widget\" data-e-type=\"widget\" data-widget_type=\"heading.default\">\n\t\t\t\t<div class=\"elementor-widget-container\">\n\t\t\t\t\t<h2 class=\"elementor-heading-title elementor-size-default\">vie priv\u00e9e<\/h2>\t\t\t\t<\/div>\n\t\t\t\t<\/div>\n\t\t\t\t<div class=\"elementor-element elementor-element-0e9c381 elementor-widget elementor-widget-text-editor\" data-id=\"0e9c381\" data-element_type=\"widget\" data-e-type=\"widget\" data-widget_type=\"text-editor.default\">\n\t\t\t\t<div class=\"elementor-widget-container\">\n\t\t\t\t\t\t\t\t\t<div class=\"elementor-element elementor-element-8e9bcf9 elementor-widget elementor-widget-text-editor\" data-id=\"8e9bcf9\" data-element_type=\"widget\" data-widget_type=\"text-editor.default\">\n<div class=\"elementor-widget-container\">\n<h1><strong>\u00b7 Termes et conditions \u00b7<\/strong><\/h1>\n<\/div>\n<\/div>\n<div class=\"elementor-element elementor-element-456cfdf elementor-widget elementor-widget-text-editor\" data-id=\"456cfdf\" data-element_type=\"widget\" data-widget_type=\"text-editor.default\">\n<div class=\"elementor-widget-container\">\n<section class=\"elementor-section elementor-top-section elementor-element elementor-element-b526717 elementor-section-boxed elementor-section-height-default elementor-section-height-default\" data-id=\"b526717\" data-element_type=\"section\">\n<div class=\"elementor-container elementor-column-gap-default\">\n<div class=\"elementor-column elementor-col-100 elementor-top-column elementor-element elementor-element-c06e4fc\" data-id=\"c06e4fc\" data-element_type=\"column\">\n<div class=\"elementor-widget-wrap elementor-element-populated\">\n<div class=\"elementor-element elementor-element-8d55609 privacy-link elementor-widget elementor-widget-text-editor\" data-id=\"8d55609\" data-element_type=\"widget\" data-widget_type=\"text-editor.default\">\n<div class=\"elementor-widget-container\">\n<p>Le site <u>www.devispalazziatelierorafo.com<\/u> est la propri\u00e9t\u00e9 de la <strong>soci\u00e9t\u00e9 Devis Palazzi Atelier Orafo<\/strong> dont le si\u00e8ge social est situ\u00e9 \u00e0 Portoverde di Misano Adriatico (Rimini) \u2013 Via Lungo Darsena<\/p>\n<ol>\n<li><strong>Notre politique commerciale<\/strong>\n<ul>\n<li>Le Vendeur propose des produits \u00e0 la vente sur <u>devispalazziatelierorafo.com<\/u> et exerce son activit\u00e9 de commerce \u00e9lectronique exclusivement \u00e0 ses utilisateurs finaux qui sont des consommateurs conform\u00e9ment \u00e0 l\u2019art. 64 du d\u00e9cret l\u00e9gislatif n\u00b0 n. 206\/2005 (\u00ab Consommateur \u00bb) et qui agissent sur www.www.devispalazziatelierorafo.com \u00e0 des fins non li\u00e9es \u00e0 leur activit\u00e9 commerciale, entrepreneuriale ou professionnelle, le cas \u00e9ch\u00e9ant.<\/li>\n<li>En contrepartie de sa politique commerciale, le Vendeur se r\u00e9serve le droit de ne pas traiter les commandes \u00e9manant d\u2019autres parties que le Consommateur ou, en tout \u00e9tat de cause, les commandes et\/ou demandes non conformes \u00e0 sa politique commerciale.<\/li>\n<li>Les pr\u00e9sentes Conditions G\u00e9n\u00e9rales de Vente r\u00e9gissent exclusivement l\u2019offre, l\u2019exp\u00e9dition et l\u2019acceptation des commandes d\u2019achat de produits sur <u>devispalazziatelierorafo.com<\/u><\/li>\n<\/ul>\n<\/li>\n<li><strong>Comment conclure le contrat<\/strong>\n<ul>\n<li>Pour conclure le contrat d\u2019achat d\u2019un ou plusieurs produits sur <u>devispalazziatelierorafo.com<\/u>, vous devez vous inscrire sur le Site, dans le respect des Conditions G\u00e9n\u00e9rales d\u2019Utilisation que vous pouvez consulter sur le Site, et suivre le processus d\u2019achat en ligne guid\u00e9.<\/li>\n<li>Vous devez ensuite remplir le formulaire de commande au format \u00e9lectronique et l\u2019envoyer au Vendeur, par voie \u00e9lectronique, en suivant les instructions pertinentes. Le bon de commande contient une r\u00e9f\u00e9rence aux Conditions G\u00e9n\u00e9rales de Vente et un r\u00e9capitulatif des informations sur les caract\u00e9ristiques essentielles de chaque produit command\u00e9 et son prix (y compris toutes les taxes ou droits applicables), le moyen de paiement que vous pouvez utiliser pour acheter chaque produit et les modalit\u00e9s de livraison des produits achet\u00e9s, les frais d\u2019exp\u00e9dition et de livraison,  une r\u00e9f\u00e9rence aux conditions d\u2019exercice de votre droit de r\u00e9tractation et aux modalit\u00e9s et d\u00e9lais de retour des produits achet\u00e9s.<\/li>\n<li>Le contrat est conclu lorsque le Vendeur re\u00e7oit, par voie \u00e9lectronique, votre bon de commande, apr\u00e8s avoir v\u00e9rifi\u00e9 l\u2019exactitude des donn\u00e9es relatives \u00e0 votre commande.<\/li>\n<li>Avant de proc\u00e9der \u00e0 l\u2019achat des produits, en envoyant le bon de commande, il vous sera demand\u00e9 de lire attentivement les Conditions G\u00e9n\u00e9rales de Vente et les Informations sur le droit de r\u00e9tractation, d\u2019en imprimer une copie \u00e0 l\u2019aide de la commande d\u2019impression et de stocker ou de reproduire une copie pour votre usage personnel. Vous devrez \u00e9galement accepter les clauses qui n\u00e9cessitent votre approbation expresse.<\/li>\n<li>Le formulaire de commande sera conserv\u00e9 dans notre base de donn\u00e9es pendant la p\u00e9riode n\u00e9cessaire au traitement des commandes et, dans tous les cas, dans les limites de la loi. Vous pourrez acc\u00e9der \u00e0 votre bon de commande en consultant la rubrique Mon compte.<\/li>\n<li>Avant de proc\u00e9der \u00e0 la soumission du formulaire de commande, il vous sera \u00e9galement demand\u00e9 d\u2019identifier et de corriger toute erreur de saisie de donn\u00e9es.<\/li>\n<li>La langue disponible pour conclure le contrat avec le vendeur est l\u2019italien.<\/li>\n<li>Une fois le contrat conclu,  <u>devispalazziatelierorafo. Com <\/u>prendra en charge votre bon de commande.<\/li>\n<li>Le Vendeur ne peut pas traiter vos bons de commande qui n\u2019offrent pas de garanties suffisantes de solvabilit\u00e9 ou qui sont incomplets ou erron\u00e9s ou en cas d\u2019indisponibilit\u00e9 des produits. Dans ces cas, nous vous informerons par e-mail que le contrat n\u2019a pas \u00e9t\u00e9 conclu et que le vendeur n\u2019a pas donn\u00e9 suite \u00e0 votre commande, en pr\u00e9cisant les raisons. Si les produits, pr\u00e9sent\u00e9s sur <u> devispalazziatelierorafo.com<\/u>, ne sont plus disponibles ou en vente au moment de votre dernier acc\u00e8s au site ou lors de l\u2019envoi du bon de commande, le Vendeur vous en informera, dans les plus brefs d\u00e9lais et en tout \u00e9tat de cause dans un d\u00e9lai de trente (30) jours \u00e0 compter du jour suivant celui o\u00f9 vous avez envoy\u00e9 votre commande au Vendeur,  toute indisponibilit\u00e9 des produits command\u00e9s. En cas de soumission du bon de commande et de paiement du prix, le Vendeur vous remboursera le montant d\u00e9j\u00e0 avanc\u00e9 par vos soins.<\/li>\n<li>En envoyant le bon de commande par voie \u00e9lectronique, vous acceptez sans r\u00e9serve et vous vous engagez \u00e0 respecter, dans vos relations avec le Vendeur, les pr\u00e9sentes Conditions G\u00e9n\u00e9rales de Vente.<\/li>\n<li>En soumettant le formulaire de commande, vous confirmez que vous prenez connaissance et acceptez les Conditions G\u00e9n\u00e9rales de Vente et les informations suppl\u00e9mentaires contenues dans <u>devispalazziatelierorafo.com<\/u>, \u00e9galement r\u00e9f\u00e9renc\u00e9es par des liens, y compris les Conditions G\u00e9n\u00e9rales d\u2019Utilisation et la Politique de Confidentialit\u00e9 et les Informations sur le droit de r\u00e9tractation.<\/li>\n<li>Une fois le contrat conclu, le Vendeur vous adressera, par courrier \u00e9lectronique, un r\u00e9c\u00e9piss\u00e9 du bon de commande, contenant un r\u00e9capitulatif des informations d\u00e9j\u00e0 contenues dans le bon de commande (Conditions G\u00e9n\u00e9rales de Vente, Informations sur le droit de r\u00e9tractation, informations relatives aux caract\u00e9ristiques essentielles du produit et indication d\u00e9taill\u00e9e du prix, des moyens de paiement et des frais de livraison).<\/li>\n<\/ul>\n<\/li>\n<li><strong>Informations sur le produit<\/strong>\n<ul>\n<li>On <u>devispalazziatelierorafo.com <\/u>vendent des bijoux et des produits pr\u00e9cieux.<\/li>\n<li>Les caract\u00e9ristiques des produits sont pr\u00e9sent\u00e9es sur le <u>site devispalazziatelierorafo.com<\/u>. Les images et les vid\u00e9os \u00e9ventuelles doivent dans tous les cas \u00eatre comprises comme indicatives et avec les tol\u00e9rances d\u2019utilisation, en tenant compte \u00e9galement des \u00e9ventuelles modifications de l\u2019emballage des produits effectu\u00e9es par le fabricant. Cependant, certaines couleurs et textures d\u2019emballages ou de produits peuvent ne pas correspondre \u00e0 la r\u00e9alit\u00e9 en raison du navigateur ou du moniteur que vous utilisez.<\/li>\n<li>devispalazziatelierorafo.com effectue l\u2019emballage pour l\u2019exp\u00e9dition sous la forme jug\u00e9e la plus appropri\u00e9e et n\u2019est pas responsable des pannes, des alt\u00e9rations et des p\u00e9nuries qui pourraient survenir apr\u00e8s que les marchandises aient quitt\u00e9 ses entrep\u00f4ts.<\/li>\n<\/ul>\n<\/li>\n<li><strong>Droit de r\u00e9tractation et garantie des produits<\/strong>\n<ul>\n<li>Les produits vous seront <strong>livr\u00e9s emball\u00e9s avec un emballage exclusif et un certificat d\u2019authenticit\u00e9<\/strong>. Le Vendeur, en cas d\u2019exercice de votre droit de r\u00e9tractation, a le droit de ne pas accepter le retour des produits dont les caract\u00e9ristiques essentielles et qualitatives ont \u00e9t\u00e9 alt\u00e9r\u00e9es ou qui ont \u00e9t\u00e9 endommag\u00e9s.<\/li>\n<\/ul>\n<\/li>\n<li><strong>Paiements<\/strong>\n<ul>\n<li>Les prix sont indiqu\u00e9s en euros et incluent la TVA, les contenants, l\u2019emballage.<\/li>\n<li>Pour payer le prix des produits, vous pouvez suivre l\u2019une des m\u00e9thodes indiqu\u00e9es dans le formulaire de commande.<\/li>\n<li>En cas de paiement par carte de cr\u00e9dit, les informations financi\u00e8res (par exemple, le num\u00e9ro de la carte de cr\u00e9dit \/ d\u00e9bit ou la date d\u2019expiration de celle-ci) seront transmises, via un protocole crypt\u00e9, \u00e0 PayPal ou \u00e0 d\u2019autres banques, qui fournissent les services de paiement \u00e9lectronique \u00e0 distance correspondants, sans que des tiers puissent y avoir acc\u00e8s. Par ailleurs, ces informations ne seront jamais utilis\u00e9es par le Vendeur sauf pour mener \u00e0 bien les proc\u00e9dures relatives \u00e0 votre achat et pour effectuer les remboursements y aff\u00e9rents en cas de retour des produits, suite \u00e0 l\u2019exercice de votre droit de r\u00e9tractation, ou s\u2019il est n\u00e9cessaire de pr\u00e9venir ou de signaler \u00e0 la police la commission d\u2019une fraude sur www.devispalazziatelierorafo.com.<\/li>\n<\/ul>\n<\/li>\n<li><strong>Exp\u00e9dition et livraison des produits<\/strong>\n<ul>\n<li>Pour conna\u00eetre les modalit\u00e9s sp\u00e9cifiques d\u2019exp\u00e9dition et de livraison des produits, veuillez pr\u00eater attention \u00e0 ce qui est rapport\u00e9 dans cette section, car les informations qu\u2019elles contiennent font partie int\u00e9grante et substantielle des pr\u00e9sentes Conditions G\u00e9n\u00e9rales de Vente et, par cons\u00e9quent, sont consid\u00e9r\u00e9es comme pleinement connues et accept\u00e9es par vous au moment de l\u2019envoi du formulaire de commande.<\/li>\n<\/ul>\n<\/li>\n<li><strong>Protection des mineurs<\/strong>\n<ul>\n<li>Les enfants de moins de 18 ans ne sont pas autoris\u00e9s, sauf sous la surveillance d\u2019un membre adulte de la famille, \u00e0 passer des commandes via le formulaire de commande en ligne.<\/li>\n<\/ul>\n<\/li>\n<li><strong>Service \u00e0 la client\u00e8le<\/strong>\n<ul>\n<li>Vous pouvez demander toute information via nos services d\u2019assistance : contactez le Service Client par email \u00e0 l\u2019info@devispalazziatelierorafo.com<\/li>\n<\/ul>\n<\/li>\n<li><strong>Droit de r\u00e9tractation<\/strong>\n<ul>\n<li>Les droits du Client sont prot\u00e9g\u00e9s par le d\u00e9cret l\u00e9gislatif no. 206\/2005.<\/li>\n<li>Vous avez le droit de vous r\u00e9tracter du contrat conclu avec le Vendeur, sans aucune p\u00e9nalit\u00e9 dans un d\u00e9lai de 14 (quatorze) jours ouvrables, \u00e0 compter du jour de la r\u00e9ception des produits achet\u00e9s le <u>devispalazziatelierorafo.com<\/u>,<\/li>\n<li>Pour vous r\u00e9tracter du contrat, vous devez vous connecter et modifier le formulaire de commande.<\/li>\n<li>Dans ce cas, vous devez retourner les produits au Vendeur en les remettant au transporteur pour exp\u00e9dition dans un d\u00e9lai de 10 (dix) jours ouvrables \u00e0 compter de la r\u00e9ception des produits.<\/li>\n<li><strong>VEUILLEZ NOTER :<\/strong> <strong>L\u2019exp\u00e9dition de retour des produits achet\u00e9s le devispalazziatelierorafo.com sera pay\u00e9e par l\u2019acheteur doit \u00eatre sous forme assur\u00e9e<\/strong> <strong>et avec un courrier express choisi par le vendeur, dans ce cas il sera de la responsabilit\u00e9 du vendeur de programmer l\u2019exp\u00e9dition aux frais de l\u2019acheteur et de convenir avec ce dernier pour l\u2019enl\u00e8vement de la marchandise.<\/strong><\/li>\n<\/ul>\n<ul>\n<li>Le droit de r\u00e9tractation est consid\u00e9r\u00e9 comme ayant \u00e9t\u00e9 exerc\u00e9 correctement si les conditions suivantes sont \u00e9galement pleinement respect\u00e9es :\n<ol>\n<li>le Formulaire de Retour doit \u00eatre correctement rempli et envoy\u00e9 au Vendeur dans les 10 (dix) jours ouvrables suivant la r\u00e9ception des produits ;<\/li>\n<li>les produits doivent \u00eatre retourn\u00e9s dans leur emballage d\u2019origine et non endommag\u00e9s ;<\/li>\n<li><strong>VEUILLEZ NOTER :<\/strong> <strong>Les produits retourn\u00e9s doivent \u00eatre envoy\u00e9s au Vendeur en un seul envoi assur\u00e9.<\/strong> <strong>Le Vendeur, en effet, se r\u00e9serve le droit de ne pas accepter les articles de la m\u00eame commande, retourn\u00e9s et exp\u00e9di\u00e9s \u00e0 des moments diff\u00e9rents ;<\/strong><\/li>\n<\/ol>\n<\/li>\n<\/ul>\n<ul>\n<li>Si le droit de r\u00e9tractation est exerc\u00e9 conform\u00e9ment aux modalit\u00e9s indiqu\u00e9es au pr\u00e9sent paragraphe 9, le Vendeur remboursera les sommes d\u00e9j\u00e0 per\u00e7ues pour l\u2019achat des produits selon les modalit\u00e9s pr\u00e9vues.<\/li>\n<li>Les sommes vous seront rembours\u00e9es dans les plus brefs d\u00e9lais et, en tout \u00e9tat de cause, dans un d\u00e9lai de 30 (trente) jours \u00e0 compter de la date \u00e0 laquelle le Vendeur a eu connaissance de l\u2019exercice de votre droit de r\u00e9tractation, nous activerons les proc\u00e9dures de remboursement, une fois que la bonne ex\u00e9cution des termes et conditions indiqu\u00e9s ci-dessus aura \u00e9t\u00e9 v\u00e9rifi\u00e9e.<\/li>\n<li>Si les modalit\u00e9s d\u2019exercice de votre droit de r\u00e9tractation ne sont pas respect\u00e9es, telles que pr\u00e9cis\u00e9es dans le pr\u00e9sent paragraphe, vous n\u2019aurez pas droit \u00e0 un remboursement des sommes d\u00e9j\u00e0 vers\u00e9es au Vendeur ; toutefois, vous pouvez obtenir, \u00e0 vos frais, les produits dans l\u2019\u00e9tat dans lequel ils ont \u00e9t\u00e9 retourn\u00e9s au Vendeur. Dans le cas contraire, le Vendeur pourra conserver les produits, en sus des sommes d\u00e9j\u00e0 vers\u00e9es pour leur achat.<\/li>\n<\/ul>\n<\/li>\n<li><strong>D\u00e9lais et modalit\u00e9s de remboursement<\/strong>\n<ul>\n<li>Apr\u00e8s le retour des produits, le Vendeur proc\u00e9dera aux v\u00e9rifications n\u00e9cessaires relatives \u00e0 leur conformit\u00e9 avec les conditions et modalit\u00e9s indiqu\u00e9es. Dans le cas o\u00f9 les ch\u00e8ques seraient positifs, le Vendeur vous adressera, par courrier \u00e9lectronique, la confirmation relative de l\u2019acceptation des produits retourn\u00e9s.<\/li>\n<li>Quel que soit le mode de paiement que vous utilisez, le remboursement est activ\u00e9 par le Vendeur dans les meilleurs d\u00e9lais et en tout \u00e9tat de cause dans un d\u00e9lai de trente (30) jours \u00e0 compter de la date \u00e0 laquelle le Vendeur a pris connaissance de l\u2019exercice de votre droit de r\u00e9tractation apr\u00e8s avoir v\u00e9rifi\u00e9 la bonne ex\u00e9cution de votre droit de r\u00e9tractation et l\u2019acceptation des produits retourn\u00e9s.<\/li>\n<li>S\u2019il n\u2019y a pas de correspondance entre le destinataire des produits indiqu\u00e9s dans le bon de commande et la personne qui a effectu\u00e9 le paiement des sommes dues pour son achat, le remboursement des sommes, en cas d\u2019exercice du droit de r\u00e9tractation, sera effectu\u00e9 par le Vendeur, dans tous les cas, \u00e0 la personne qui a effectu\u00e9 le paiement.<\/li>\n<li>La date de valeur de la r\u00e9trofacturation est la m\u00eame que celle du d\u00e9bit. Par cons\u00e9quent, vous ne subirez aucune perte en termes d\u2019int\u00e9r\u00eats bancaires.<\/li>\n<\/ul>\n<\/li>\n<li><strong>Plaintes<\/strong>\n<ul>\n<li>Pour tout signalement, r\u00e9clamation ou demande d\u2019information, vous pouvez contacter l\u2019adresse : info@devispalazziatelierorafo.com en indiquant le num\u00e9ro de commande attribu\u00e9 \u00e0 la conclusion de la commande attribu\u00e9e \u00e0 la conclusion de la commande et indiqu\u00e9 dans la confirmation de commande envoy\u00e9e par e-mail.<\/li>\n<\/ul>\n<\/li>\n<li><strong>!Confidentialit\u00e9 et cookies<\/strong>\n<ul>\n<li>Vous pouvez obtenir des informations sur la mani\u00e8re dont nous traitons vos donn\u00e9es personnelles en acc\u00e9dant \u00e0 la Politique de confidentialit\u00e9 et \u00e0 la Politique de cookies.<\/li>\n<li>Nous vous demandons \u00e9galement de lire, si vous ne l\u2019avez pas d\u00e9j\u00e0 fait, nos Conditions g\u00e9n\u00e9rales d\u2019utilisation de la politique de confidentialit\u00e9 et de cookies, car elles contiennent des informations importantes sur la mani\u00e8re dont nous traitons les donn\u00e9es personnelles de nos utilisateurs et sur les syst\u00e8mes de s\u00e9curit\u00e9 adopt\u00e9s.<\/li>\n<\/ul>\n<\/li>\n<li>Pour toute autre information sur notre Politique de Confidentialit\u00e9, vous pouvez envoyer des demandes \u00e0 l\u2019adresse e-mail suivante elettronica:info@devispalazziatelierorafo.com<\/li>\n<li><strong>Droit applicable et r\u00e8glement des diff\u00e9rends<\/strong>\n<ul>\n<li>Les Conditions G\u00e9n\u00e9rales de Vente sont r\u00e9gies par la loi italienne et en particulier par le d\u00e9cret l\u00e9gislatif du 6 septembre 2005 n. 206, sur le Code de la consommation, avec une r\u00e9f\u00e9rence sp\u00e9cifique \u00e0 la l\u00e9gislation sur les contrats \u00e0 distance et le d\u00e9cret l\u00e9gislatif du 9 avril 2003 n. 70 sur certains aspects relatifs au commerce \u00e9lectronique et \u00e0 l\u2019exclusion expresse de l\u2019application, m\u00eame partielle, de la convention de Vienne de 1980 sur la vente internationale de marchandises.<\/li>\n<li>Dans tous les cas, tout litige qui pourrait survenir en relation avec l\u2019interpr\u00e9tation, l\u2019ex\u00e9cution et la validit\u00e9 des Conditions G\u00e9n\u00e9rales de Vente, m\u00eame s\u2019il n\u2019est pas r\u00e9solu par la proc\u00e9dure vis\u00e9e au point pr\u00e9c\u00e9dent, sera soumis exclusivement \u00e0 la juridiction italienne. La juridiction exclusive sera celle de Rimini \u00e0 l\u2019exclusion de tout autre tribunal qui pourrait \u00eatre comp\u00e9tent.<\/li>\n<li>Dans tous les cas, un service de r\u00e8glement extrajudiciaire des litiges est mis \u00e0 disposition pour le r\u00e8glement extrajudiciaire des litiges (ce que l\u2019on appelle les entit\u00e9s ADR, comme indiqu\u00e9 aux articles 141-bis et suivants du Code de la consommation).<\/li>\n<\/ul>\n<\/li>\n<li><strong>\u00c9dition et mise \u00e0 jour<\/strong>\n<ul>\n<li>Les Conditions G\u00e9n\u00e9rales de Vente sont modifi\u00e9es de temps \u00e0 autre, \u00e9galement en tenant compte d\u2019\u00e9ventuelles \u00e9volutions r\u00e9glementaires. Les nouvelles Conditions G\u00e9n\u00e9rales de Vente entreront en vigueur \u00e0 compter de la date de publication le <u>devispalazziatelierorafo.com.<\/u><\/li>\n<\/ul>\n<\/li>\n<\/ol>\n<\/div>\n<\/div>\n<\/div>\n<\/div>\n<\/div>\n<\/section>\n<\/div>\n<\/div>\n\t\t\t\t\t\t\t\t<\/div>\n\t\t\t\t<\/div>\n\t\t\t\t\t<\/div>\n\t\t<\/div>\n\t\t\t\t\t<\/div>\n\t\t<\/section>\n\t\t\t\t<\/div>\n\t\t","protected":false},"excerpt":{"rendered":"<p>vie priv\u00e9e \u00b7 Politique de confidentialit\u00e9 \u00b7 Le pr\u00e9sent site web (ci-apr\u00e8s le \u00ab Site web \u00bb) est WWW.DEVISPALAZZIATELIERORAFO.COM propri\u00e9t\u00e9 de la soci\u00e9t\u00e9 Devis Palazzi Atelier Orafo , dont le si\u00e8ge social est situ\u00e9 \u00e0 Portoverde di Misano Adriatico (Rimini) \u2013 Via Lungo Darsena 22. Les pr\u00e9sentes Conditions d&rsquo;utilisation s&rsquo;appliquent \u00e0 tout utilisateur qui utilise [&hellip;]<\/p>\n","protected":false},"author":1,"featured_media":0,"parent":0,"menu_order":0,"comment_status":"closed","ping_status":"closed","template":"","meta":{"site-sidebar-layout":"no-sidebar","site-content-layout":"page-builder","ast-site-content-layout":"full-width-container","site-content-style":"default","site-sidebar-style":"default","ast-global-header-display":"","ast-banner-title-visibility":"","ast-main-header-display":"","ast-hfb-above-header-display":"","ast-hfb-below-header-display":"","ast-hfb-mobile-header-display":"","site-post-title":"disabled","ast-breadcrumbs-content":"","ast-featured-img":"disabled","footer-sml-layout":"","ast-disable-related-posts":"","theme-transparent-header-meta":"","adv-header-id-meta":"","stick-header-meta":"","header-above-stick-meta":"","header-main-stick-meta":"","header-below-stick-meta":"","astra-migrate-meta-layouts":"default","ast-page-background-enabled":"default","ast-page-background-meta":{"desktop":{"background-color":"var(--ast-global-color-4)","background-image":"","background-repeat":"repeat","background-position":"center center","background-size":"auto","background-attachment":"scroll","background-type":"","background-media":"","overlay-type":"","overlay-color":"","overlay-opacity":"","overlay-gradient":""},"tablet":{"background-color":"","background-image":"","background-repeat":"repeat","background-position":"center center","background-size":"auto","background-attachment":"scroll","background-type":"","background-media":"","overlay-type":"","overlay-color":"","overlay-opacity":"","overlay-gradient":""},"mobile":{"background-color":"","background-image":"","background-repeat":"repeat","background-position":"center center","background-size":"auto","background-attachment":"scroll","background-type":"","background-media":"","overlay-type":"","overlay-color":"","overlay-opacity":"","overlay-gradient":""}},"ast-content-background-meta":{"desktop":{"background-color":"var(--ast-global-color-5)","background-image":"","background-repeat":"repeat","background-position":"center center","background-size":"auto","background-attachment":"scroll","background-type":"","background-media":"","overlay-type":"","overlay-color":"","overlay-opacity":"","overlay-gradient":""},"tablet":{"background-color":"var(--ast-global-color-5)","background-image":"","background-repeat":"repeat","background-position":"center center","background-size":"auto","background-attachment":"scroll","background-type":"","background-media":"","overlay-type":"","overlay-color":"","overlay-opacity":"","overlay-gradient":""},"mobile":{"background-color":"var(--ast-global-color-5)","background-image":"","background-repeat":"repeat","background-position":"center center","background-size":"auto","background-attachment":"scroll","background-type":"","background-media":"","overlay-type":"","overlay-color":"","overlay-opacity":"","overlay-gradient":""}},"_joinchat":[],"footnotes":""},"class_list":["post-16289","page","type-page","status-publish","hentry"],"yoast_head":"<!-- This site is optimized with the Yoast SEO plugin v27.5 - https:\/\/yoast.com\/product\/yoast-seo-wordpress\/ -->\n<title>test - Village Hotel<\/title>\n<meta name=\"robots\" content=\"index, follow, max-snippet:-1, max-image-preview:large, max-video-preview:-1\" \/>\n<link rel=\"canonical\" href=\"https:\/\/villagehotel.it\/fr\/test-2\/\" \/>\n<meta property=\"og:locale\" content=\"fr_FR\" \/>\n<meta property=\"og:type\" content=\"article\" \/>\n<meta property=\"og:title\" content=\"test - Village Hotel\" \/>\n<meta property=\"og:description\" content=\"vie priv\u00e9e \u00b7 Politique de confidentialit\u00e9 \u00b7 Le pr\u00e9sent site web (ci-apr\u00e8s le \u00ab Site web \u00bb) est WWW.DEVISPALAZZIATELIERORAFO.COM propri\u00e9t\u00e9 de la soci\u00e9t\u00e9 Devis Palazzi Atelier Orafo , dont le si\u00e8ge social est situ\u00e9 \u00e0 Portoverde di Misano Adriatico (Rimini) \u2013 Via Lungo Darsena 22. Les pr\u00e9sentes Conditions d&rsquo;utilisation s&rsquo;appliquent \u00e0 tout utilisateur qui utilise [&hellip;]\" \/>\n<meta property=\"og:url\" content=\"https:\/\/villagehotel.it\/fr\/test-2\/\" \/>\n<meta property=\"og:site_name\" content=\"Village Hotel\" \/>\n<meta property=\"article:modified_time\" content=\"2025-04-07T19:50:34+00:00\" \/>\n<meta name=\"twitter:card\" content=\"summary_large_image\" \/>\n<meta name=\"twitter:label1\" content=\"Dur\u00e9e de lecture estim\u00e9e\" \/>\n\t<meta name=\"twitter:data1\" content=\"39 minutes\" \/>\n<script type=\"application\/ld+json\" class=\"yoast-schema-graph\">{\"@context\":\"https:\\\/\\\/schema.org\",\"@graph\":[{\"@type\":\"WebPage\",\"@id\":\"https:\\\/\\\/villagehotel.it\\\/fr\\\/test-2\\\/\",\"url\":\"https:\\\/\\\/villagehotel.it\\\/fr\\\/test-2\\\/\",\"name\":\"test - Village Hotel\",\"isPartOf\":{\"@id\":\"https:\\\/\\\/villagehotel.it\\\/fr\\\/#website\"},\"datePublished\":\"2025-04-07T18:52:17+00:00\",\"dateModified\":\"2025-04-07T19:50:34+00:00\",\"breadcrumb\":{\"@id\":\"https:\\\/\\\/villagehotel.it\\\/fr\\\/test-2\\\/#breadcrumb\"},\"inLanguage\":\"fr-FR\",\"potentialAction\":[{\"@type\":\"ReadAction\",\"target\":[\"https:\\\/\\\/villagehotel.it\\\/fr\\\/test-2\\\/\"]}]},{\"@type\":\"BreadcrumbList\",\"@id\":\"https:\\\/\\\/villagehotel.it\\\/fr\\\/test-2\\\/#breadcrumb\",\"itemListElement\":[{\"@type\":\"ListItem\",\"position\":1,\"name\":\"Home\",\"item\":\"https:\\\/\\\/villagehotel.it\\\/fr\\\/home\\\/\"},{\"@type\":\"ListItem\",\"position\":2,\"name\":\"test\"}]},{\"@type\":\"WebSite\",\"@id\":\"https:\\\/\\\/villagehotel.it\\\/fr\\\/#website\",\"url\":\"https:\\\/\\\/villagehotel.it\\\/fr\\\/\",\"name\":\"Village Hotel\",\"description\":\"\",\"publisher\":{\"@id\":\"https:\\\/\\\/villagehotel.it\\\/fr\\\/#organization\"},\"potentialAction\":[{\"@type\":\"SearchAction\",\"target\":{\"@type\":\"EntryPoint\",\"urlTemplate\":\"https:\\\/\\\/villagehotel.it\\\/fr\\\/?s={search_term_string}\"},\"query-input\":{\"@type\":\"PropertyValueSpecification\",\"valueRequired\":true,\"valueName\":\"search_term_string\"}}],\"inLanguage\":\"fr-FR\"},{\"@type\":\"Organization\",\"@id\":\"https:\\\/\\\/villagehotel.it\\\/fr\\\/#organization\",\"name\":\"Village Hotel\",\"url\":\"https:\\\/\\\/villagehotel.it\\\/fr\\\/\",\"logo\":{\"@type\":\"ImageObject\",\"inLanguage\":\"fr-FR\",\"@id\":\"https:\\\/\\\/villagehotel.it\\\/fr\\\/#\\\/schema\\\/logo\\\/image\\\/\",\"url\":\"https:\\\/\\\/villagehotel.it\\\/wp-content\\\/uploads\\\/2025\\\/05\\\/village_hotel_logo_10_anni_2025.png\",\"contentUrl\":\"https:\\\/\\\/villagehotel.it\\\/wp-content\\\/uploads\\\/2025\\\/05\\\/village_hotel_logo_10_anni_2025.png\",\"width\":714,\"height\":301,\"caption\":\"Village Hotel\"},\"image\":{\"@id\":\"https:\\\/\\\/villagehotel.it\\\/fr\\\/#\\\/schema\\\/logo\\\/image\\\/\"}}]}<\/script>\n<!-- \/ Yoast SEO plugin. -->","yoast_head_json":{"title":"test - Village Hotel","robots":{"index":"index","follow":"follow","max-snippet":"max-snippet:-1","max-image-preview":"max-image-preview:large","max-video-preview":"max-video-preview:-1"},"canonical":"https:\/\/villagehotel.it\/fr\/test-2\/","og_locale":"fr_FR","og_type":"article","og_title":"test - Village Hotel","og_description":"vie priv\u00e9e \u00b7 Politique de confidentialit\u00e9 \u00b7 Le pr\u00e9sent site web (ci-apr\u00e8s le \u00ab Site web \u00bb) est WWW.DEVISPALAZZIATELIERORAFO.COM propri\u00e9t\u00e9 de la soci\u00e9t\u00e9 Devis Palazzi Atelier Orafo , dont le si\u00e8ge social est situ\u00e9 \u00e0 Portoverde di Misano Adriatico (Rimini) \u2013 Via Lungo Darsena 22. Les pr\u00e9sentes Conditions d&rsquo;utilisation s&rsquo;appliquent \u00e0 tout utilisateur qui utilise [&hellip;]","og_url":"https:\/\/villagehotel.it\/fr\/test-2\/","og_site_name":"Village Hotel","article_modified_time":"2025-04-07T19:50:34+00:00","twitter_card":"summary_large_image","twitter_misc":{"Dur\u00e9e de lecture estim\u00e9e":"39 minutes"},"schema":{"@context":"https:\/\/schema.org","@graph":[{"@type":"WebPage","@id":"https:\/\/villagehotel.it\/fr\/test-2\/","url":"https:\/\/villagehotel.it\/fr\/test-2\/","name":"test - Village Hotel","isPartOf":{"@id":"https:\/\/villagehotel.it\/fr\/#website"},"datePublished":"2025-04-07T18:52:17+00:00","dateModified":"2025-04-07T19:50:34+00:00","breadcrumb":{"@id":"https:\/\/villagehotel.it\/fr\/test-2\/#breadcrumb"},"inLanguage":"fr-FR","potentialAction":[{"@type":"ReadAction","target":["https:\/\/villagehotel.it\/fr\/test-2\/"]}]},{"@type":"BreadcrumbList","@id":"https:\/\/villagehotel.it\/fr\/test-2\/#breadcrumb","itemListElement":[{"@type":"ListItem","position":1,"name":"Home","item":"https:\/\/villagehotel.it\/fr\/home\/"},{"@type":"ListItem","position":2,"name":"test"}]},{"@type":"WebSite","@id":"https:\/\/villagehotel.it\/fr\/#website","url":"https:\/\/villagehotel.it\/fr\/","name":"Village Hotel","description":"","publisher":{"@id":"https:\/\/villagehotel.it\/fr\/#organization"},"potentialAction":[{"@type":"SearchAction","target":{"@type":"EntryPoint","urlTemplate":"https:\/\/villagehotel.it\/fr\/?s={search_term_string}"},"query-input":{"@type":"PropertyValueSpecification","valueRequired":true,"valueName":"search_term_string"}}],"inLanguage":"fr-FR"},{"@type":"Organization","@id":"https:\/\/villagehotel.it\/fr\/#organization","name":"Village Hotel","url":"https:\/\/villagehotel.it\/fr\/","logo":{"@type":"ImageObject","inLanguage":"fr-FR","@id":"https:\/\/villagehotel.it\/fr\/#\/schema\/logo\/image\/","url":"https:\/\/villagehotel.it\/wp-content\/uploads\/2025\/05\/village_hotel_logo_10_anni_2025.png","contentUrl":"https:\/\/villagehotel.it\/wp-content\/uploads\/2025\/05\/village_hotel_logo_10_anni_2025.png","width":714,"height":301,"caption":"Village Hotel"},"image":{"@id":"https:\/\/villagehotel.it\/fr\/#\/schema\/logo\/image\/"}}]}},"_links":{"self":[{"href":"https:\/\/villagehotel.it\/fr\/wp-json\/wp\/v2\/pages\/16289","targetHints":{"allow":["GET"]}}],"collection":[{"href":"https:\/\/villagehotel.it\/fr\/wp-json\/wp\/v2\/pages"}],"about":[{"href":"https:\/\/villagehotel.it\/fr\/wp-json\/wp\/v2\/types\/page"}],"author":[{"embeddable":true,"href":"https:\/\/villagehotel.it\/fr\/wp-json\/wp\/v2\/users\/1"}],"replies":[{"embeddable":true,"href":"https:\/\/villagehotel.it\/fr\/wp-json\/wp\/v2\/comments?post=16289"}],"version-history":[{"count":5,"href":"https:\/\/villagehotel.it\/fr\/wp-json\/wp\/v2\/pages\/16289\/revisions"}],"predecessor-version":[{"id":16315,"href":"https:\/\/villagehotel.it\/fr\/wp-json\/wp\/v2\/pages\/16289\/revisions\/16315"}],"wp:attachment":[{"href":"https:\/\/villagehotel.it\/fr\/wp-json\/wp\/v2\/media?parent=16289"}],"curies":[{"name":"wp","href":"https:\/\/api.w.org\/{rel}","templated":true}]}}